{"id":6,"date":"2021-05-14T17:32:55","date_gmt":"2021-05-14T15:32:55","guid":{"rendered":"https:\/\/www.reiki-shiatsu.be\/?page_id=6"},"modified":"2023-04-02T11:23:22","modified_gmt":"2023-04-02T09:23:22","slug":"accueil","status":"publish","type":"page","link":"https:\/\/www.lokaishiatsu.be\/","title":{"rendered":"Accueil"},"content":{"rendered":"<p>[et_pb_section fb_built=\u00a0\u00bb1&Prime; fullwidth=\u00a0\u00bbon\u00a0\u00bb _builder_version=\u00a0\u00bb4.16&Prime; _module_preset=\u00a0\u00bbdefault\u00a0\u00bb global_colors_info=\u00a0\u00bb{}\u00a0\u00bb][et_pb_fullwidth_slider show_arrows=\u00a0\u00bboff\u00a0\u00bb show_pagination=\u00a0\u00bboff\u00a0\u00bb show_content_on_mobile=\u00a0\u00bboff\u00a0\u00bb _builder_version=\u00a0\u00bb4.18.0&Prime; _module_preset=\u00a0\u00bbdefault\u00a0\u00bb background_image=\u00a0\u00bbhttps:\/\/www.reiki-shiatsu.be\/wp-content\/uploads\/2021\/05\/160520-LaurenceandCo11-scaled.jpg\u00a0\u00bb animation_direction=\u00a0\u00bbtop\u00a0\u00bb auto=\u00a0\u00bbon\u00a0\u00bb hover_transition_duration=\u00a0\u00bb60ms\u00a0\u00bb global_colors_info=\u00a0\u00bb{}\u00a0\u00bb][et_pb_slide heading=\u00a0\u00bbEcole \u00ab L\u00f4-Kai \u00bb, shiatsu humain &#038; \u00e9quin \u00e0 Arlon\u00a0\u00bb _builder_version=\u00a0\u00bb4.18.0&Prime; _module_preset=\u00a0\u00bbdefault\u00a0\u00bb background_image=\u00a0\u00bbhttps:\/\/www.lokaishiatsu.be\/wp-content\/uploads\/2022\/09\/DSC_3817-1_S-scaled.jpg\u00a0\u00bb background_enable_image=\u00a0\u00bbon\u00a0\u00bb hover_transition_duration=\u00a0\u00bb60ms\u00a0\u00bb global_colors_info=\u00a0\u00bb{}\u00a0\u00bb sticky_transition=\u00a0\u00bbon\u00a0\u00bb][\/et_pb_slide][et_pb_slide heading=\u00a0\u00bbEcole \u00ab L\u00f4-Kai \u00bb, shiatsu humain &#038; \u00e9quin \u00e0 Arlon\u00a0\u00bb _builder_version=\u00a0\u00bb4.18.0&Prime; _module_preset=\u00a0\u00bbdefault\u00a0\u00bb background_image=\u00a0\u00bbhttps:\/\/www.lokaishiatsu.be\/wp-content\/uploads\/2022\/09\/142159228_240130661124370_2994017505428819562_n.jpg\u00a0\u00bb background_enable_image=\u00a0\u00bbon\u00a0\u00bb hover_transition_duration=\u00a0\u00bb60ms\u00a0\u00bb global_colors_info=\u00a0\u00bb{}\u00a0\u00bb sticky_transition=\u00a0\u00bbon\u00a0\u00bb][\/et_pb_slide][et_pb_slide heading=\u00a0\u00bbEcole \u00ab L\u00f4-Kai \u00bb, shiatsu humain &#038; \u00e9quin \u00e0 Arlon\u00a0\u00bb _builder_version=\u00a0\u00bb4.18.0&Prime; _module_preset=\u00a0\u00bbdefault\u00a0\u00bb background_image=\u00a0\u00bbhttps:\/\/www.lokaishiatsu.be\/wp-content\/uploads\/2022\/09\/DSC_5316_SN-scaled.jpg\u00a0\u00bb background_enable_image=\u00a0\u00bbon\u00a0\u00bb hover_transition_duration=\u00a0\u00bb60ms\u00a0\u00bb global_colors_info=\u00a0\u00bb{}\u00a0\u00bb sticky_transition=\u00a0\u00bbon\u00a0\u00bb][\/et_pb_slide][et_pb_slide heading=\u00a0\u00bbEcole \u00ab L\u00f4-Kai \u00bb, shiatsu humain &#038; \u00e9quin \u00e0 Arlon\u00a0\u00bb _builder_version=\u00a0\u00bb4.18.0&Prime; _module_preset=\u00a0\u00bbdefault\u00a0\u00bb background_image=\u00a0\u00bbhttps:\/\/www.lokaishiatsu.be\/wp-content\/uploads\/2022\/09\/142116275_167452598501590_4824679848125162357_n.jpg\u00a0\u00bb background_enable_image=\u00a0\u00bbon\u00a0\u00bb hover_transition_duration=\u00a0\u00bb60ms\u00a0\u00bb global_colors_info=\u00a0\u00bb{}\u00a0\u00bb sticky_transition=\u00a0\u00bbon\u00a0\u00bb][\/et_pb_slide][\/et_pb_fullwidth_slider][\/et_pb_section][et_pb_section fb_built=\u00a0\u00bb1&Prime; fullwidth=\u00a0\u00bbon\u00a0\u00bb _builder_version=\u00a0\u00bb4.16&Prime; _module_preset=\u00a0\u00bbdefault\u00a0\u00bb global_colors_info=\u00a0\u00bb{}\u00a0\u00bb][et_pb_fullwidth_slider show_arrows=\u00a0\u00bboff\u00a0\u00bb show_pagination=\u00a0\u00bboff\u00a0\u00bb _builder_version=\u00a0\u00bb4.16&Prime; _module_preset=\u00a0\u00bbdefault\u00a0\u00bb background_image=\u00a0\u00bbhttps:\/\/www.reiki-shiatsu.be\/wp-content\/uploads\/2021\/05\/160520-LaurenceandCo11-scaled.jpg\u00a0\u00bb animation_style=\u00a0\u00bbslide\u00a0\u00bb animation_direction=\u00a0\u00bbright\u00a0\u00bb auto=\u00a0\u00bbon\u00a0\u00bb global_colors_info=\u00a0\u00bb{}\u00a0\u00bb][\/et_pb_fullwidth_slider][\/et_pb_section][et_pb_section fb_built=\u00a0\u00bb1&Prime; _builder_version=\u00a0\u00bb4.16&Prime; _module_preset=\u00a0\u00bbdefault\u00a0\u00bb custom_padding=\u00a0\u00bb50px||50px|||\u00a0\u00bb global_colors_info=\u00a0\u00bb{}\u00a0\u00bb][et_pb_row column_structure=\u00a0\u00bb1_3,2_3&Prime; _builder_version=\u00a0\u00bb4.16&Prime; _module_preset=\u00a0\u00bbdefault\u00a0\u00bb global_colors_info=\u00a0\u00bb{}\u00a0\u00bb][et_pb_column type=\u00a0\u00bb1_3&Prime; _builder_version=\u00a0\u00bb4.16&Prime; _module_preset=\u00a0\u00bbdefault\u00a0\u00bb global_colors_info=\u00a0\u00bb{}\u00a0\u00bb][et_pb_image src=\u00a0\u00bbhttps:\/\/www.reiki-shiatsu.be\/wp-content\/uploads\/2021\/05\/logo.jpg\u00a0\u00bb title_text=\u00a0\u00bblogo\u00a0\u00bb _builder_version=\u00a0\u00bb4.16&Prime; _module_preset=\u00a0\u00bbdefault\u00a0\u00bb global_colors_info=\u00a0\u00bb{}\u00a0\u00bb][\/et_pb_image][\/et_pb_column][et_pb_column type=\u00a0\u00bb2_3&Prime; _builder_version=\u00a0\u00bb4.16&Prime; _module_preset=\u00a0\u00bbdefault\u00a0\u00bb global_colors_info=\u00a0\u00bb{}\u00a0\u00bb][et_pb_text _builder_version=\u00a0\u00bb4.16&Prime; _module_preset=\u00a0\u00bbdefault\u00a0\u00bb global_colors_info=\u00a0\u00bb{}\u00a0\u00bb]<\/p>\n<h2 style=\"text-align: justify;\">D\u2019o\u00f9 vient le nom \u00ab\u00a0L\u00f4-Ka\u00ef\u00a0\u00bb ?<\/h2>\n<p style=\"text-align: justify;\">Le nom de l&rsquo;\u00e9cole L\u00f4-Ka\u00ef est inspir\u00e9 du mot hawa\u00efen lokahi qui signifie unit\u00e9, faire un.<\/p>\n<p style=\"text-align: justify;\">Le loka\u00ef est aussi le nom d\u2019un petit cheval agile, r\u00e9sistant et courageux \u00e9lev\u00e9 par les Ouzb\u00e8ks de la tribu Loka\u00ef.\u00a0 \u00a0Il est r\u00e9put\u00e9 pour avoir le pied s\u00fbr et \u00eatre \u00e0 l\u2019aise sur les terrains difficiles &#8230;<\/p>\n<p style=\"text-align: justify;\">Pratiquer le shiatsu sur les chevaux implique un travail sur soi.\u00a0 Pour les amoureux des \u00e9quid\u00e9s, ce travail est facilit\u00e9 \u00e0 leur contact et \u00e0 leur habilit\u00e9 \u00e0 nous faire passer des messages \u2026<\/p>\n<p style=\"text-align: justify;\">En shiatsu, nous consid\u00e9rons le corps (du cheval ou de la personne) de mani\u00e8re holistique et gr\u00e2ce au shiatsu nous atteignons toutes les dimensions, qu\u2019elles soient physique, mentale, spirituelle ou \u00e9motionnelle.<\/p>\n<p style=\"text-align: justify;\">Nous travaillons principalement selon le zen-shiatsu de Masunaga, que ce soit en humain ou en \u00e9quin.<\/p>\n<p>[\/et_pb_text][\/et_pb_column][\/et_pb_row][\/et_pb_section][et_pb_section fb_built=\u00a0\u00bb1&Prime; prev_background_color=\u00a0\u00bb#ffffff\u00a0\u00bb _builder_version=\u00a0\u00bb4.16&Prime; _module_preset=\u00a0\u00bbdefault\u00a0\u00bb background_color=\u00a0\u00bbrgba(169,161,151,0.25)\u00a0\u00bb custom_padding=\u00a0\u00bb100px|||||\u00a0\u00bb top_divider_style=\u00a0\u00bbarrow3&Prime; global_colors_info=\u00a0\u00bb{}\u00a0\u00bb][et_pb_row _builder_version=\u00a0\u00bb4.16&Prime; _module_preset=\u00a0\u00bbdefault\u00a0\u00bb global_colors_info=\u00a0\u00bb{}\u00a0\u00bb][et_pb_column type=\u00a0\u00bb4_4&Prime; _builder_version=\u00a0\u00bb4.16&Prime; _module_preset=\u00a0\u00bbdefault\u00a0\u00bb global_colors_info=\u00a0\u00bb{}\u00a0\u00bb][et_pb_text _builder_version=\u00a0\u00bb4.16&Prime; _module_preset=\u00a0\u00bbdefault\u00a0\u00bb width=\u00a0\u00bb100%\u00a0\u00bb custom_padding=\u00a0\u00bb|||1px||\u00a0\u00bb inline_fonts=\u00a0\u00bbAlatsi\u00a0\u00bb global_colors_info=\u00a0\u00bb{}\u00a0\u00bb]<\/p>\n<h2 style=\"text-align: center;\">Qui sommes-nous ?<strong><\/strong><\/h2>\n<p>[\/et_pb_text][et_pb_divider divider_style=\u00a0\u00bbdashed\u00a0\u00bb _builder_version=\u00a0\u00bb4.16&Prime; _module_preset=\u00a0\u00bbdefault\u00a0\u00bb global_colors_info=\u00a0\u00bb{}\u00a0\u00bb][\/et_pb_divider][\/et_pb_column][\/et_pb_row][et_pb_row column_structure=\u00a0\u00bb1_2,1_2&Prime; _builder_version=\u00a0\u00bb4.16&Prime; _module_preset=\u00a0\u00bbdefault\u00a0\u00bb global_colors_info=\u00a0\u00bb{}\u00a0\u00bb][et_pb_column type=\u00a0\u00bb1_2&Prime; _builder_version=\u00a0\u00bb4.16&Prime; _module_preset=\u00a0\u00bbdefault\u00a0\u00bb global_colors_info=\u00a0\u00bb{}\u00a0\u00bb][et_pb_text _builder_version=\u00a0\u00bb4.16&Prime; _module_preset=\u00a0\u00bbdefault\u00a0\u00bb width=\u00a0\u00bb100%\u00a0\u00bb custom_padding=\u00a0\u00bb|||1px||\u00a0\u00bb inline_fonts=\u00a0\u00bbAlatsi\u00a0\u00bb global_colors_info=\u00a0\u00bb{}\u00a0\u00bb]<\/p>\n<p>Un dipl\u00f4me en lettres germaniques en poche, j&rsquo;ai fait une halte au hasard des chemins dans une soci\u00e9t\u00e9 de la chimie. M&rsquo;y retrouvant de moins en moins, j&rsquo;ai \u00e0 ce moment-l\u00e0 rencontr\u00e9 l&rsquo;\u00e9nerg\u00e9tique &#8230;\u00a0 le Shiatsu s&rsquo;est vite impos\u00e9 et pour compl\u00e9ter le Drainage Lymphatique Manuel Equin et le cr\u00e2nio sacr\u00e9, le pendule \u00e9gyptien &#8230;<\/p>\n<p>Au fil de mes formations j&rsquo;ai eu l&rsquo;occasion de faire de magnifiques rencontres \u00e9quines me confirmant que j&rsquo;\u00e9tais sur la bonne voie &#8230;<\/p>\n<p>Apr\u00e8s les trois ann\u00e9es de Shiatsu Equin aupr\u00e8s de l&rsquo;Ecole de Shiatsu Belge, j&rsquo;ai termin\u00e9 les trois cycles pour les humains aupr\u00e8s de l&rsquo;\u00e9cole Kajudo \u00e0 Ottignies.\u00a0 En parall\u00e8le j&rsquo;ai fait le formation de Drainage Lymphatique Manuel Equin aux Pays-Bas et le Cr\u00e2nio-Sacr\u00e9 \u00e0 Namur.<\/p>\n<p>Entre temps je suis pass\u00e9e du c\u00f4t\u00e9 des enseignants pour le shiatsu en organisant des formations.\u00a0 Celles-ci sont reconnue par la F\u00e9d\u00e9ration Belge de Shiatsu.<\/p>\n<p>J&rsquo;offre donc, si vous souhaitez vous aussi pratiquer le shiatsu \u00e9quin, des cours d&rsquo;initiation \u00e0 cette formidable technique pour les chevaux.<\/p>\n<p>Pour une formation plus en profondeur, cela se d\u00e9roule sur 3 cycles en parall\u00e8le avec le cycle I pour les humains.\u00a0 Je vous recommande de voir les diff\u00e9rentes \u00e9coles reconnues directement sur le site de la F\u00e9d\u00e9ration Belge du Shiatsu www.shiatsu.be<\/p>\n<p>En plus du shiatsu, j&rsquo;offre \u00e9galement des massages en Drainage Lymphatique Manuel Equin ainsi que des s\u00e9ances de cr\u00e2nio-sacr\u00e9 ou encore au pendule \u00e9gyptien.<strong><\/strong><\/p>\n<p>[\/et_pb_text][\/et_pb_column][et_pb_column type=\u00a0\u00bb1_2&Prime; _builder_version=\u00a0\u00bb4.16&Prime; _module_preset=\u00a0\u00bbdefault\u00a0\u00bb global_colors_info=\u00a0\u00bb{}\u00a0\u00bb][et_pb_text _builder_version=\u00a0\u00bb4.16&Prime; _module_preset=\u00a0\u00bbdefault\u00a0\u00bb global_colors_info=\u00a0\u00bb{}\u00a0\u00bb]<\/p>\n<p>&nbsp;<\/p>\n<p>e-mail : <a href=\"mailto:info@reiki-shiatsu.be\">laurence.stoffel@lokaishiatsu.be<\/a><\/p>\n<p>T\u00e9l : +32 498 36 17 18<span><\/span><\/p>\n<p>Je re\u00e7ois sur rendez-vous \u00e0 Arlon<\/p>\n<p><img loading=\"lazy\" decoding=\"async\" src=\"https:\/\/www.reiki-shiatsu.be\/wp-content\/uploads\/2022\/01\/lizzy-lo-moxa-300x204.jpg\" alt=\"\" class=\"wp-image-159 alignnone size-medium\" width=\"300\" height=\"204\" \/><\/p>\n<p>[\/et_pb_text][\/et_pb_column][\/et_pb_row][et_pb_row _builder_version=\u00a0\u00bb4.16&Prime; _module_preset=\u00a0\u00bbdefault\u00a0\u00bb global_colors_info=\u00a0\u00bb{}\u00a0\u00bb][et_pb_column type=\u00a0\u00bb4_4&Prime; _builder_version=\u00a0\u00bb4.16&Prime; _module_preset=\u00a0\u00bbdefault\u00a0\u00bb global_colors_info=\u00a0\u00bb{}\u00a0\u00bb][et_pb_text _builder_version=\u00a0\u00bb4.20.2&Prime; _module_preset=\u00a0\u00bbdefault\u00a0\u00bb width=\u00a0\u00bb100%\u00a0\u00bb custom_padding=\u00a0\u00bb|||1px||\u00a0\u00bb inline_fonts=\u00a0\u00bbAlatsi\u00a0\u00bb global_colors_info=\u00a0\u00bb{}\u00a0\u00bb]<\/p>\n<p style=\"text-align: center;\"><strong>Si vous d\u00e9sirez des renseignements compl\u00e9mentaires, contactez-moi &#8230;\u00a0<\/strong><\/p>\n<h2 style=\"text-align: center;\"><strong><\/strong><\/h2>\n<p>[\/et_pb_text][\/et_pb_column][\/et_pb_row][\/et_pb_section]<\/p>\n","protected":false},"excerpt":{"rendered":"<p>D\u2019o\u00f9 vient le nom \u00ab\u00a0L\u00f4-Ka\u00ef\u00a0\u00bb ? Le nom de l&rsquo;\u00e9cole L\u00f4-Ka\u00ef est inspir\u00e9 du mot hawa\u00efen lokahi qui signifie unit\u00e9, faire un. Le loka\u00ef est aussi le nom d\u2019un petit cheval agile, r\u00e9sistant et courageux \u00e9lev\u00e9 par les Ouzb\u00e8ks de la tribu Loka\u00ef.\u00a0 \u00a0Il est r\u00e9put\u00e9 pour avoir le pied s\u00fbr et \u00eatre \u00e0 l\u2019aise [&hellip;]<\/p>\n","protected":false},"author":1,"featured_media":0,"parent":0,"menu_order":0,"comment_status":"closed","ping_status":"closed","template":"","meta":{"_et_pb_use_builder":"on","_et_pb_old_content":"","_et_gb_content_width":"","footnotes":""},"class_list":["post-6","page","type-page","status-publish","hentry"],"_links":{"self":[{"href":"https:\/\/www.lokaishiatsu.be\/index.php?rest_route=\/wp\/v2\/pages\/6","targetHints":{"allow":["GET"]}}],"collection":[{"href":"https:\/\/www.lokaishiatsu.be\/index.php?rest_route=\/wp\/v2\/pages"}],"about":[{"href":"https:\/\/www.lokaishiatsu.be\/index.php?rest_route=\/wp\/v2\/types\/page"}],"author":[{"embeddable":true,"href":"https:\/\/www.lokaishiatsu.be\/index.php?rest_route=\/wp\/v2\/users\/1"}],"replies":[{"embeddable":true,"href":"https:\/\/www.lokaishiatsu.be\/index.php?rest_route=%2Fwp%2Fv2%2Fcomments&post=6"}],"version-history":[{"count":48,"href":"https:\/\/www.lokaishiatsu.be\/index.php?rest_route=\/wp\/v2\/pages\/6\/revisions"}],"predecessor-version":[{"id":277,"href":"https:\/\/www.lokaishiatsu.be\/index.php?rest_route=\/wp\/v2\/pages\/6\/revisions\/277"}],"wp:attachment":[{"href":"https:\/\/www.lokaishiatsu.be\/index.php?rest_route=%2Fwp%2Fv2%2Fmedia&parent=6"}],"curies":[{"name":"wp","href":"https:\/\/api.w.org\/{rel}","templated":true}]}}